{"id":1514,"date":"2022-03-03T21:57:20","date_gmt":"2022-03-03T21:57:20","guid":{"rendered":"https:\/\/hrex.aloldal.xyz\/?page_id=1514"},"modified":"2022-09-21T08:59:59","modified_gmt":"2022-09-21T08:59:59","slug":"fejvadaszat","status":"publish","type":"page","link":"https:\/\/hrexpresskft.hu\/de\/fejvadaszat\/","title":{"rendered":"Kopfgeldjagd"},"content":{"rendered":"<h2><strong>Worum geht es beim Headhunting?<br \/>\n<\/strong><\/h2>\n<p>Headhunting umfasst die Auswahl von F\u00fchrungskr\u00e4ften der mittleren und oberen F\u00fchrungsebene, die die vom Auftraggeber festgelegten Kriterien erf\u00fcllen. Dies ist ein sensibler Bereich, da leitende Angestellte f\u00fcr die Ergebnisse und den Erfolg eines Unternehmens entscheidend sind. Beim Headhunting m\u00fcssen wir bei der Auswahl der F\u00fchrungskraft auch die F\u00e4higkeit des jeweiligen Bewerbers ber\u00fccksichtigen, durch sein Verhalten die \u00fcbrigen Mitarbeiter des Unternehmens positiv zu beeinflussen.<br \/>\nWie aus diesen Ausf\u00fchrungen ersichtlich ist, handelt es sich beim Headhunting um eine ziemlich komplexe Aufgabe, die viel Aufmerksamkeit erfordert. Noch komplexer wird diese Aufgabe dadurch, dass der Headhunting-Prozess nicht mit der Auswahl beginnt.<br \/>\nSolche Auswahlprozesse werden heutzutage in den meisten F\u00e4llen von den Unternehmen ausgelagert, da die Einstellung von F\u00fchrungskr\u00e4ften der mittleren bzw. oberen F\u00fchrungsebene ein Spezialgebiet ist.<br \/>\nFr\u00fcher war das Headhunting sektorspezifisch, heute kann man sagen, dass ein Headhunter die Auswahl von F\u00fchrungskr\u00e4ften in allen m\u00f6glichen Branchen \u00fcbernimmt.<br \/>\nDamit das Headhunting erfolgreich ist, m\u00fcssen wir die jeweilige Aufgabe kennen sowie die Anforderungen des Unternehmens und die Erwartungen an die zu besetzende Stelle einsch\u00e4tzen k\u00f6nnen. Beim Headhunting m\u00fcssen wir all diese Umst\u00e4nde kennen, um entscheiden zu k\u00f6nnen, ob der Bewerber die Erwartungen erf\u00fcllt bzw. in das System des Unternehmens passt, und zwar sowohl in Bezug auf die Werte des Unternehmens als auch hinsichtlich seiner Abl\u00e4ufe.<br \/>\nEs ist auch wichtig zu betonen, dass es sich nicht um eine Einbahnstra\u00dfe handelt. Nat\u00fcrlich sind die Bewerbungen der Arbeitnehmer auch ein Bereich, der Priorit\u00e4t genie\u00dft. Wir sind hochengagiert, wenn es darum geht, talentierte Menschen zu finden, ihnen zu helfen, ihre Karriere bewusst zu gestalten, und sie dabei zu unterst\u00fctzen, die ideale Position bzw. die ideale Arbeitsstelle zu finden.<\/p>\n<h2><strong>Headhunting ist eine komplexe und spannende Aufgabe, aber Vertrauen ist sehr wichtig.<br \/>\n<\/strong><\/h2>\n<p>Komplex, da beim Auswahlverfahren die Interessen von Arbeitgeber und Arbeitnehmer ber\u00fccksichtigt werden m\u00fcssen. Wir m\u00fcssen einf\u00fchlsam sein, aber wir m\u00fcssen auch als gute Strategen f\u00fcr eine erfolgreiche und effektive Auswahl agieren (und dabei scheint oft nicht die Einf\u00fchlsamkeit im Vordergrund zu stehen)<br \/>\nUnd nat\u00fcrlich ist es auch eine Frage des Vertrauens, denn w\u00e4hrend des Auswahlverfahrens lernen wir das Leben und die Lebensumst\u00e4nde der Menschen kennen. Dar\u00fcber hinaus hat unsere Arbeit weitreichende Auswirkungen, und wir \u00fcben sie deswegen mit gr\u00f6\u00dfter Sorgfalt aus. F\u00fcr uns ist Headhunting eine Mission.<\/p>\n<h2><strong>Welche F\u00e4higkeiten erachten wir f\u00fcr eine F\u00fchrungsposition f\u00fcr wichtig?<br \/>\n<\/strong><\/h2>\n<p>Wie bereits erw\u00e4hnt, ber\u00fccksichtigen wir stets die Bedeutung und den Einfluss im Unternehmen.<br \/>\nBeim Headhunting suchen wir nach F\u00fchrungskr\u00e4ften, nicht nach Chefs. Ja, es ist sehr wichtig, dies zu betonen, denn beides ist nicht dasselbe. Es klingt wie ein Klischee, aber nur derjenige, der gut f\u00fchren kann, wird auch eine gute F\u00fchrungskraft sein. Dies erfordert die richtigen F\u00fchrungsqualit\u00e4ten und - kompetenzen. Und diese F\u00e4higkeiten sind praktisch unabh\u00e4ngig von den fachlichen Aufgaben in dem jeweiligen Arbeitsbereich.<br \/>\nWir werden dies anhand eines einfachen Beispiels veranschaulichen, um es verst\u00e4ndlicher zu machen. Eine F\u00fchrungskraft des mittleren Managements bzw. der oberen F\u00fchrungsriege kann die beste betriebswirtschaftliche Ausbildung haben, aber sie wird kein guter Manager sein, wenn sie nicht die F\u00e4higkeit besitzt, das Team, das ihr anvertraut worden ist, zu motivieren.<br \/>\nEine gute F\u00fchrungskraft muss \u00fcber folgende F\u00e4higkeiten verf\u00fcgen:<\/p>\n<ul>\n<li><em>sie muss mit den auftretenden Problemen effektiv umgehen k\u00f6nnen<\/em><\/li>\n<li><em>sie muss die F\u00e4higkeit haben, eigenst\u00e4ndige Entscheidungen zu treffen,<\/em><\/li>\n<li><em>sie muss angemessen mit den Mitgliedern ihres Teams kommunizieren k\u00f6nnen (Respekt, Bescheidenheit),<\/em><\/li>\n<li><em>sie muss daf\u00fcr \u00fcber die entsprechende emotionale Intelligenz verf\u00fcgen,<\/em><\/li>\n<li><em>sie muss die Lage und die Strategie des Unternehmens einsch\u00e4tzen und entsprechend handeln k\u00f6nnen, um diese zu optimieren,<\/em><\/li>\n<li><em>und sie muss \u00fcber ein angemessenes (aber nicht \u00fcberm\u00e4\u00dfiges) Selbstvertrauen verf\u00fcgen, was f\u00fcr den Aufbau pers\u00f6nlicher Beziehungen und die \u00dcbernahme von F\u00fchrungsaufgaben wichtig ist.<\/em><\/li>\n<\/ul>","protected":false},"excerpt":{"rendered":"<p>Mir\u0151l sz\u00f3l a fejvad\u00e1szat? A fejvad\u00e1szat sor\u00e1n olyan v\u00e1llalati k\u00f6z\u00e9p \u00e9s fels\u0151vezet\u0151k kiv\u00e1laszt\u00e1s\u00e1t v\u00e9gezz\u00fck, akik megfelelnek a megb\u00edz\u00f3 \u00e1ltal \u00e1ll\u00edtott felt\u00e9teleknek. K\u00e9nyes ter\u00fclet ez, hiszen a<span class=\"excerpt-hellip\"> [\u2026]<\/span><\/p>","protected":false},"author":1,"featured_media":0,"parent":0,"menu_order":0,"comment_status":"closed","ping_status":"closed","template":"","meta":[],"yoast_head":"<!-- This site is optimized with the Yoast SEO plugin v19.1 - https:\/\/yoast.com\/wordpress\/plugins\/seo\/ -->\n<title>Fejvad\u00e1szat - HR Express Kft.<\/title>\n<meta name=\"description\" content=\"A fejvad\u00e1szat egy v\u00e1llalat k\u00f6z\u00e9pvezet\u0151inek illetve fels\u0151vezet\u0151inek a kiv\u00e1laszt\u00e1si folyamata. Egy k\u00fcl\u00f6nleges kiv\u00e1laszt\u00e1si folyamat a tehets\u00e9gek felkutat\u00e1s\u00e1ra.\" \/>\n<meta name=\"robots\" content=\"index, follow, max-snippet:-1, max-image-preview:large, max-video-preview:-1\" \/>\n<link rel=\"canonical\" href=\"https:\/\/hrexpresskft.hu\/de\/fejvadaszat\/\" \/>\n<meta property=\"og:locale\" content=\"de_DE\" \/>\n<meta property=\"og:type\" content=\"article\" \/>\n<meta property=\"og:title\" content=\"Fejvad\u00e1szat - HR Express Kft.\" \/>\n<meta property=\"og:description\" content=\"A fejvad\u00e1szat egy v\u00e1llalat k\u00f6z\u00e9pvezet\u0151inek illetve fels\u0151vezet\u0151inek a kiv\u00e1laszt\u00e1si folyamata. Egy k\u00fcl\u00f6nleges kiv\u00e1laszt\u00e1si folyamat a tehets\u00e9gek felkutat\u00e1s\u00e1ra.\" \/>\n<meta property=\"og:url\" content=\"https:\/\/hrexpresskft.hu\/de\/fejvadaszat\/\" \/>\n<meta property=\"og:site_name\" content=\"HR Express Kft.\" \/>\n<meta property=\"article:modified_time\" content=\"2022-09-21T08:59:59+00:00\" \/>\n<meta name=\"twitter:card\" content=\"summary_large_image\" \/>\n<meta name=\"twitter:label1\" content=\"Gesch\u00e4tzte Lesezeit\" \/>\n\t<meta name=\"twitter:data1\" content=\"4\u00a0Minuten\" \/>\n<script type=\"application\/ld+json\" class=\"yoast-schema-graph\">{\"@context\":\"https:\/\/schema.org\",\"@graph\":[{\"@type\":\"Organization\",\"@id\":\"https:\/\/hrexpresskft.hu\/#organization\",\"name\":\"HR EXPRESS KFT.\",\"url\":\"https:\/\/hrexpresskft.hu\/\",\"sameAs\":[],\"logo\":{\"@type\":\"ImageObject\",\"inLanguage\":\"de\",\"@id\":\"https:\/\/hrexpresskft.hu\/#\/schema\/logo\/image\/\",\"url\":\"https:\/\/hrexpresskft.hu\/wp-content\/uploads\/2022\/03\/hr-express-logo-szines.png\",\"contentUrl\":\"https:\/\/hrexpresskft.hu\/wp-content\/uploads\/2022\/03\/hr-express-logo-szines.png\",\"width\":340,\"height\":180,\"caption\":\"HR EXPRESS KFT.\"},\"image\":{\"@id\":\"https:\/\/hrexpresskft.hu\/#\/schema\/logo\/image\/\"}},{\"@type\":\"WebSite\",\"@id\":\"https:\/\/hrexpresskft.hu\/#website\",\"url\":\"https:\/\/hrexpresskft.hu\/\",\"name\":\"HR Express Kft.\",\"description\":\"munkaer\u0151 k\u00f6zvet\u00edt\u00e9s, munkaer\u0151 k\u00f6lcs\u00f6nz\u00e9s, HR tan\u00e1csad\u00e1s, fejvad\u00e1szat, outsourcing, ukr\u00e1n munkaer\u0151, munkaer\u0151 k\u00f6zvet\u00edt\u0151\",\"publisher\":{\"@id\":\"https:\/\/hrexpresskft.hu\/#organization\"},\"potentialAction\":[{\"@type\":\"SearchAction\",\"target\":{\"@type\":\"EntryPoint\",\"urlTemplate\":\"https:\/\/hrexpresskft.hu\/?s={search_term_string}\"},\"query-input\":\"required name=search_term_string\"}],\"inLanguage\":\"de\"},{\"@type\":\"WebPage\",\"@id\":\"https:\/\/hrexpresskft.hu\/fejvadaszat\/#webpage\",\"url\":\"https:\/\/hrexpresskft.hu\/fejvadaszat\/\",\"name\":\"Fejvad\u00e1szat - HR Express Kft.\",\"isPartOf\":{\"@id\":\"https:\/\/hrexpresskft.hu\/#website\"},\"datePublished\":\"2022-03-03T21:57:20+00:00\",\"dateModified\":\"2022-09-21T08:59:59+00:00\",\"description\":\"A fejvad\u00e1szat egy v\u00e1llalat k\u00f6z\u00e9pvezet\u0151inek illetve fels\u0151vezet\u0151inek a kiv\u00e1laszt\u00e1si folyamata. Egy k\u00fcl\u00f6nleges kiv\u00e1laszt\u00e1si folyamat a tehets\u00e9gek felkutat\u00e1s\u00e1ra.\",\"breadcrumb\":{\"@id\":\"https:\/\/hrexpresskft.hu\/fejvadaszat\/#breadcrumb\"},\"inLanguage\":\"de\",\"potentialAction\":[{\"@type\":\"ReadAction\",\"target\":[\"https:\/\/hrexpresskft.hu\/fejvadaszat\/\"]}]},{\"@type\":\"BreadcrumbList\",\"@id\":\"https:\/\/hrexpresskft.hu\/fejvadaszat\/#breadcrumb\",\"itemListElement\":[{\"@type\":\"ListItem\",\"position\":1,\"name\":\"Kezd\u0151lap\",\"item\":\"https:\/\/hrexpresskft.hu\/\"},{\"@type\":\"ListItem\",\"position\":2,\"name\":\"Fejvad\u00e1szat\"}]}]}<\/script>\n<!-- \/ Yoast SEO plugin. -->","yoast_head_json":{"title":"Fejvad\u00e1szat - HR Express Kft.","description":"A fejvad\u00e1szat egy v\u00e1llalat k\u00f6z\u00e9pvezet\u0151inek illetve fels\u0151vezet\u0151inek a kiv\u00e1laszt\u00e1si folyamata. Egy k\u00fcl\u00f6nleges kiv\u00e1laszt\u00e1si folyamat a tehets\u00e9gek felkutat\u00e1s\u00e1ra.","robots":{"index":"index","follow":"follow","max-snippet":"max-snippet:-1","max-image-preview":"max-image-preview:large","max-video-preview":"max-video-preview:-1"},"canonical":"https:\/\/hrexpresskft.hu\/de\/fejvadaszat\/","og_locale":"de_DE","og_type":"article","og_title":"Fejvad\u00e1szat - HR Express Kft.","og_description":"A fejvad\u00e1szat egy v\u00e1llalat k\u00f6z\u00e9pvezet\u0151inek illetve fels\u0151vezet\u0151inek a kiv\u00e1laszt\u00e1si folyamata. Egy k\u00fcl\u00f6nleges kiv\u00e1laszt\u00e1si folyamat a tehets\u00e9gek felkutat\u00e1s\u00e1ra.","og_url":"https:\/\/hrexpresskft.hu\/de\/fejvadaszat\/","og_site_name":"HR Express Kft.","article_modified_time":"2022-09-21T08:59:59+00:00","twitter_card":"summary_large_image","twitter_misc":{"Gesch\u00e4tzte Lesezeit":"4\u00a0Minuten"},"schema":{"@context":"https:\/\/schema.org","@graph":[{"@type":"Organization","@id":"https:\/\/hrexpresskft.hu\/#organization","name":"HR EXPRESS KFT.","url":"https:\/\/hrexpresskft.hu\/","sameAs":[],"logo":{"@type":"ImageObject","inLanguage":"de","@id":"https:\/\/hrexpresskft.hu\/#\/schema\/logo\/image\/","url":"https:\/\/hrexpresskft.hu\/wp-content\/uploads\/2022\/03\/hr-express-logo-szines.png","contentUrl":"https:\/\/hrexpresskft.hu\/wp-content\/uploads\/2022\/03\/hr-express-logo-szines.png","width":340,"height":180,"caption":"HR EXPRESS KFT."},"image":{"@id":"https:\/\/hrexpresskft.hu\/#\/schema\/logo\/image\/"}},{"@type":"WebSite","@id":"https:\/\/hrexpresskft.hu\/#website","url":"https:\/\/hrexpresskft.hu\/","name":"HR Express Kft.","description":"munkaer\u0151 k\u00f6zvet\u00edt\u00e9s, munkaer\u0151 k\u00f6lcs\u00f6nz\u00e9s, HR tan\u00e1csad\u00e1s, fejvad\u00e1szat, outsourcing, ukr\u00e1n munkaer\u0151, munkaer\u0151 k\u00f6zvet\u00edt\u0151","publisher":{"@id":"https:\/\/hrexpresskft.hu\/#organization"},"potentialAction":[{"@type":"SearchAction","target":{"@type":"EntryPoint","urlTemplate":"https:\/\/hrexpresskft.hu\/?s={search_term_string}"},"query-input":"required name=search_term_string"}],"inLanguage":"de"},{"@type":"WebPage","@id":"https:\/\/hrexpresskft.hu\/fejvadaszat\/#webpage","url":"https:\/\/hrexpresskft.hu\/fejvadaszat\/","name":"Fejvad\u00e1szat - HR Express Kft.","isPartOf":{"@id":"https:\/\/hrexpresskft.hu\/#website"},"datePublished":"2022-03-03T21:57:20+00:00","dateModified":"2022-09-21T08:59:59+00:00","description":"A fejvad\u00e1szat egy v\u00e1llalat k\u00f6z\u00e9pvezet\u0151inek illetve fels\u0151vezet\u0151inek a kiv\u00e1laszt\u00e1si folyamata. Egy k\u00fcl\u00f6nleges kiv\u00e1laszt\u00e1si folyamat a tehets\u00e9gek felkutat\u00e1s\u00e1ra.","breadcrumb":{"@id":"https:\/\/hrexpresskft.hu\/fejvadaszat\/#breadcrumb"},"inLanguage":"de","potentialAction":[{"@type":"ReadAction","target":["https:\/\/hrexpresskft.hu\/fejvadaszat\/"]}]},{"@type":"BreadcrumbList","@id":"https:\/\/hrexpresskft.hu\/fejvadaszat\/#breadcrumb","itemListElement":[{"@type":"ListItem","position":1,"name":"Kezd\u0151lap","item":"https:\/\/hrexpresskft.hu\/"},{"@type":"ListItem","position":2,"name":"Fejvad\u00e1szat"}]}]}},"_links":{"self":[{"href":"https:\/\/hrexpresskft.hu\/de\/wp-json\/wp\/v2\/pages\/1514"}],"collection":[{"href":"https:\/\/hrexpresskft.hu\/de\/wp-json\/wp\/v2\/pages"}],"about":[{"href":"https:\/\/hrexpresskft.hu\/de\/wp-json\/wp\/v2\/types\/page"}],"author":[{"embeddable":true,"href":"https:\/\/hrexpresskft.hu\/de\/wp-json\/wp\/v2\/users\/1"}],"replies":[{"embeddable":true,"href":"https:\/\/hrexpresskft.hu\/de\/wp-json\/wp\/v2\/comments?post=1514"}],"version-history":[{"count":3,"href":"https:\/\/hrexpresskft.hu\/de\/wp-json\/wp\/v2\/pages\/1514\/revisions"}],"predecessor-version":[{"id":1592,"href":"https:\/\/hrexpresskft.hu\/de\/wp-json\/wp\/v2\/pages\/1514\/revisions\/1592"}],"wp:attachment":[{"href":"https:\/\/hrexpresskft.hu\/de\/wp-json\/wp\/v2\/media?parent=1514"}],"curies":[{"name":"wp","href":"https:\/\/api.w.org\/{rel}","templated":true}]}}